{"id":7713,"date":"2024-05-13T02:13:01","date_gmt":"2024-05-12T23:13:01","guid":{"rendered":"https:\/\/www.healily.com\/?page_id=7713"},"modified":"2024-08-14T22:44:15","modified_gmt":"2024-08-14T19:44:15","slug":"head-and-neck-cancer-turkey","status":"publish","type":"page","link":"https:\/\/www.healily.com\/fr\/cancer-de-la-tete-et-du-cou-en-turquie\/","title":{"rendered":"Head and Neck Cancer"},"content":{"rendered":"<div data-elementor-type=\"wp-page\" data-elementor-id=\"7713\" class=\"elementor elementor-7713\">\n\t\t\t\t\t\t\t<div class=\"elementor-element elementor-element-6b802a01 e-flex e-con-boxed e-con e-parent\" style=\"background-color:#f4f4f4;\" data-lazy=\"https:\/\/www.healily.com\/wp-content\/uploads\/2024\/05\/head-neck-cancer-turkey.webp\" data-id=\"6b802a01\" data-element_type=\"container\" data-settings=\"{&quot;background_background&quot;:&quot;classic&quot;}\">\r\n\t\t\t\t\t\t\t<div class=\"e-con-inner\">\r\n\t\t\t\t\t\t\t<div class=\"elementor-element elementor-element-6b6a5107 e-con-full e-flex e-con e-child\" data-id=\"6b6a5107\" data-element_type=\"container\">\r\n\t\t\t\t\t<div class=\"elementor-element elementor-element-67038de6 mb-2 mt-lg-6 elementor-widget elementor-widget-heading\" data-id=\"67038de6\" data-element_type=\"widget\" data-widget_type=\"heading.default\">\n\t\t\t\t<div class=\"elementor-widget-container\">\n\t\t\t<style>\/*! elementor - v3.23.0 - 05-08-2024 *\/\n.elementor-heading-title{padding:0;margin:0;line-height:1}.elementor-widget-heading .elementor-heading-title[class*=elementor-size-]>a{color:inherit;font-size:inherit;line-height:inherit}.elementor-widget-heading .elementor-heading-title.elementor-size-small{font-size:15px}.elementor-widget-heading .elementor-heading-title.elementor-size-medium{font-size:19px}.elementor-widget-heading .elementor-heading-title.elementor-size-large{font-size:29px}.elementor-widget-heading .elementor-heading-title.elementor-size-xl{font-size:39px}.elementor-widget-heading .elementor-heading-title.elementor-size-xxl{font-size:59px}<\/style><h1 class=\"elementor-heading-title elementor-size-default\">Cancer de la t\u00eate et du cou en Turquie <\/h1>\t\t<\/div>\n\t\t\t\t<\/div>\n\t\t\r\n\t\t\t<\/div>\r\n\t\t\t\t\t\t\t<\/div>\r\n\t\t\t\t\r\n\t\t\t<\/div>\r\n\t\t\t\t\t<div class=\"elementor-section elementor-top-section elementor-element elementor-element-3ce6339 elementor-section-full_width elementor-section-height-default elementor-section-height-default\" data-id=\"3ce6339\" data-element_type=\"section\" data-settings=\"{&quot;background_background&quot;:&quot;classic&quot;}\">\r\n\t\t\t\t\t\t\t\t<div class=\"elementor-container elementor-column-gap-default\">\r\n\t\t\t\t\r\n\t\t\t\t\t\t\t\t<div class=\"elementor-column elementor-col-50 elementor-top-column elementor-element elementor-element-15c944c\" data-id=\"15c944c\" data-element_type=\"column\">\r\n\r\n\t\t\t\t\r\n\t\t\t\t<div class=\"elementor-widget-wrap elementor-element-populated\">\r\n\t\t\t\t\t\t\t\t\t\t\r\n\t\t\t\t\t\t<div class=\"elementor-element elementor-element-0ba4cec mb-2 mt-lg-6 elementor-widget elementor-widget-heading\" data-id=\"0ba4cec\" data-element_type=\"widget\" data-widget_type=\"heading.default\">\n\t\t\t\t<div class=\"elementor-widget-container\">\n\t\t\t<h2 class=\"elementor-heading-title elementor-size-default\">Cancer de la t\u00eate et du cou en Turquie \n\n<\/h2>\t\t<\/div>\n\t\t\t\t<\/div>\n\t\t\t\t\t\t<\/div>\r\n\t\t\t\t<\/div>\r\n\t\t\t\t\t\t\t\t\t<div class=\"elementor-column elementor-col-50 elementor-top-column elementor-element elementor-element-30f8cdc\" data-id=\"30f8cdc\" data-element_type=\"column\">\r\n\r\n\t\t\t\t\r\n\t\t\t\t<div class=\"elementor-widget-wrap elementor-element-populated\">\r\n\t\t\t\t\t\t\t\t\t\t\r\n\t\t\t\t\t\t<div class=\"elementor-element elementor-element-2757cad elementor-widget elementor-widget-text-editor\" data-id=\"2757cad\" data-element_type=\"widget\" data-widget_type=\"text-editor.default\">\n\t\t\t\t<div class=\"elementor-widget-container\">\n\t\t\t<style>\/*! elementor - v3.23.0 - 05-08-2024 *\/\n.elementor-widget-text-editor.elementor-drop-cap-view-stacked .elementor-drop-cap{background-color:#69727d;color:#fff}.elementor-widget-text-editor.elementor-drop-cap-view-framed .elementor-drop-cap{color:#69727d;border:3px solid;background-color:transparent}.elementor-widget-text-editor:not(.elementor-drop-cap-view-default) .elementor-drop-cap{margin-top:8px}.elementor-widget-text-editor:not(.elementor-drop-cap-view-default) .elementor-drop-cap-letter{width:1em;height:1em}.elementor-widget-text-editor .elementor-drop-cap{float:left;text-align:center;line-height:1;font-size:50px}.elementor-widget-text-editor .elementor-drop-cap-letter{display:inline-block}<\/style>\t\t\t\t<p><span style=\"font-weight: 400;\">Le cancer de la t\u00eate et du cou fait r\u00e9f\u00e9rence \u00e0 un groupe de cancers qui proviennent des tissus et des organes situ\u00e9s dans la r\u00e9gion de la t\u00eate et du cou. Ces cancers peuvent survenir dans plusieurs zones, notamment la cavit\u00e9 buccale (bouche), le pharynx (gorge), le larynx (bo\u00eete vocale), la cavit\u00e9 nasale (\u00e0 l'int\u00e9rieur du nez), les sinus paranasaux (espaces remplis d'air dans les os entourant le nez), glandes salivaires et glande thyro\u00efde. Si certains facteurs de risque, comme la consommation de tabac et d\u2019alcool, augmentent le risque de d\u00e9velopper un cancer de la t\u00eate et du cou, d\u2019autres, comme l\u2019infection par le virus du papillome humain (VPH), jouent \u00e9galement un r\u00f4le.<\/span><\/p>\t\t\t\t\t\t<\/div>\n\t\t\t\t<\/div>\n\t\t\t\t\t\t<\/div>\r\n\t\t\t\t<\/div>\r\n\t\t\t\t\t\t\t\t<\/div>\r\n\t\t\t<\/div>\r\n\t\t\t\t\t<div class=\"elementor-section elementor-top-section elementor-element elementor-element-35bb7db elementor-section-full_width elementor-section-height-default elementor-section-height-default\" data-id=\"35bb7db\" data-element_type=\"section\" data-settings=\"{&quot;background_background&quot;:&quot;classic&quot;}\">\r\n\t\t\t\t\t\t\t\t<div class=\"elementor-container elementor-column-gap-default\">\r\n\t\t\t\t\r\n\t\t\t\t\t\t\t\t<div class=\"elementor-column elementor-col-50 elementor-top-column elementor-element elementor-element-e545056\" data-id=\"e545056\" data-element_type=\"column\">\r\n\r\n\t\t\t\t\r\n\t\t\t\t<div class=\"elementor-widget-wrap elementor-element-populated\">\r\n\t\t\t\t\t\t\t\t\t\t\r\n\t\t\t\t\t\t<div class=\"elementor-element elementor-element-b72820c mb-2 mt-lg-6 elementor-widget elementor-widget-heading\" data-id=\"b72820c\" data-element_type=\"widget\" data-widget_type=\"heading.default\">\n\t\t\t\t<div class=\"elementor-widget-container\">\n\t\t\t<h2 class=\"elementor-heading-title elementor-size-default\">Signes et sympt\u00f4mes du cancer de la t\u00eate et du cou \n<\/h2>\t\t<\/div>\n\t\t\t\t<\/div>\n\t\t\t\t\t\t<\/div>\r\n\t\t\t\t<\/div>\r\n\t\t\t\t\t\t\t\t\t<div class=\"elementor-column elementor-col-50 elementor-top-column elementor-element elementor-element-a51f79e\" data-id=\"a51f79e\" data-element_type=\"column\">\r\n\r\n\t\t\t\t\r\n\t\t\t\t<div class=\"elementor-widget-wrap elementor-element-populated\">\r\n\t\t\t\t\t\t\t\t\t\t\r\n\t\t\t\t\t\t<div class=\"elementor-element elementor-element-76cbbec elementor-widget elementor-widget-text-editor\" data-id=\"76cbbec\" data-element_type=\"widget\" data-widget_type=\"text-editor.default\">\n\t\t\t\t<div class=\"elementor-widget-container\">\n\t\t\t\t\t\t\t<p><span style=\"font-weight: 400;\">Les signes et sympt\u00f4mes du cancer de la t\u00eate et du cou peuvent varier en fonction de la localisation et du stade de la maladie. Cependant, certains indicateurs courants peuvent inclure :<\/span><\/p><ul><li style=\"font-weight: 400;\" aria-level=\"1\"><span style=\"font-weight: 400;\">Mal de gorge persistant<\/span><\/li><li style=\"font-weight: 400;\" aria-level=\"1\"><span style=\"font-weight: 400;\">Difficult\u00e9 \u00e0 avaler (dysphagie)<\/span><\/li><li style=\"font-weight: 400;\" aria-level=\"1\"><span style=\"font-weight: 400;\">Modifications de la voix ou enrouement<\/span><\/li><li style=\"font-weight: 400;\" aria-level=\"1\"><span style=\"font-weight: 400;\">Une bosse ou une plaie qui ne gu\u00e9rit pas<\/span><\/li><li style=\"font-weight: 400;\" aria-level=\"1\"><span style=\"font-weight: 400;\">Douleur persistante \u00e0 l'oreille<\/span><\/li><li style=\"font-weight: 400;\" aria-level=\"1\"><span style=\"font-weight: 400;\">Gonflement au cou<\/span><\/li><li style=\"font-weight: 400;\" aria-level=\"1\"><span style=\"font-weight: 400;\">Perte de poids inexpliqu\u00e9e<\/span><\/li><li style=\"font-weight: 400;\" aria-level=\"1\"><span style=\"font-weight: 400;\">Congestion nasale persistante ou pression des sinus<\/span><\/li><\/ul><p><span style=\"font-weight: 400;\">Si vous ressentez l'un de ces signes pendant une p\u00e9riode prolong\u00e9e, il est essentiel de consulter un professionnel de la sant\u00e9 pour une \u00e9valuation.<\/span><\/p>\t\t\t\t\t\t<\/div>\n\t\t\t\t<\/div>\n\t\t\t\t\t\t<\/div>\r\n\t\t\t\t<\/div>\r\n\t\t\t\t\t\t\t\t<\/div>\r\n\t\t\t<\/div>\r\n\t\t\t\t\t<div class=\"elementor-section elementor-top-section elementor-element elementor-element-931819f elementor-section-full_width elementor-section-height-default elementor-section-height-default\" data-id=\"931819f\" data-element_type=\"section\" data-settings=\"{&quot;background_background&quot;:&quot;classic&quot;}\">\r\n\t\t\t\t\t\t\t\t<div class=\"elementor-container elementor-column-gap-default\">\r\n\t\t\t\t\r\n\t\t\t\t\t\t\t\t<div class=\"elementor-column elementor-col-50 elementor-top-column elementor-element elementor-element-6810527\" data-id=\"6810527\" data-element_type=\"column\">\r\n\r\n\t\t\t\t\r\n\t\t\t\t<div class=\"elementor-widget-wrap elementor-element-populated\">\r\n\t\t\t\t\t\t\t\t\t\t\r\n\t\t\t\t\t\t<div class=\"elementor-element elementor-element-c4926e7 mb-2 mt-lg-6 elementor-widget elementor-widget-heading\" data-id=\"c4926e7\" data-element_type=\"widget\" data-widget_type=\"heading.default\">\n\t\t\t\t<div class=\"elementor-widget-container\">\n\t\t\t<h2 class=\"elementor-heading-title elementor-size-default\">Diagnostic du cancer de la t\u00eate et du cou \n<\/h2>\t\t<\/div>\n\t\t\t\t<\/div>\n\t\t\t\t\t\t<\/div>\r\n\t\t\t\t<\/div>\r\n\t\t\t\t\t\t\t\t\t<div class=\"elementor-column elementor-col-50 elementor-top-column elementor-element elementor-element-ceb3fcc\" data-id=\"ceb3fcc\" data-element_type=\"column\">\r\n\r\n\t\t\t\t\r\n\t\t\t\t<div class=\"elementor-widget-wrap elementor-element-populated\">\r\n\t\t\t\t\t\t\t\t\t\t\r\n\t\t\t\t\t\t<div class=\"elementor-element elementor-element-63ce80d elementor-widget elementor-widget-text-editor\" data-id=\"63ce80d\" data-element_type=\"widget\" data-widget_type=\"text-editor.default\">\n\t\t\t\t<div class=\"elementor-widget-container\">\n\t\t\t\t\t\t\t<p><span style=\"font-weight: 400;\">Le diagnostic du cancer de la t\u00eate et du cou implique g\u00e9n\u00e9ralement une s\u00e9rie de tests et de proc\u00e9dures visant \u00e0 \u00e9valuer l'\u00e9tendue et la nature de la maladie. Ceux-ci peuvent inclure :<\/span><\/p><p class=\" translation-block\">Examen physique : votre m\u00e9decin examinera votre t\u00eate, votre cou, votre bouche et votre gorge \u00e0 la recherche de toute anomalie.<\/p><p class=\" translation-block\">Tests d'imagerie : les \u00e9tudes d'imagerie telles que les radiographies, les tomodensitogrammes, les IRM et les TEP peuvent aider \u00e0 visualiser la taille et l'emplacement des tumeurs.<\/p><p class=\" translation-block\">Biopsie : Une biopsie implique le pr\u00e9l\u00e8vement d'un petit \u00e9chantillon de tissu du site suspect\u00e9 de la tumeur pour analyse en laboratoire. Cela permet de confirmer la pr\u00e9sence d\u2019un cancer et de d\u00e9terminer son type et son grade.<\/p>\t\t\t\t\t\t<\/div>\n\t\t\t\t<\/div>\n\t\t\t\t\t\t<\/div>\r\n\t\t\t\t<\/div>\r\n\t\t\t\t\t\t\t\t<\/div>\r\n\t\t\t<\/div>\r\n\t\t\t\t\t<div class=\"elementor-section elementor-top-section elementor-element elementor-element-8f22cb7 elementor-section-full_width elementor-section-height-default elementor-section-height-default\" data-id=\"8f22cb7\" data-element_type=\"section\" data-settings=\"{&quot;background_background&quot;:&quot;classic&quot;}\">\r\n\t\t\t\t\t\t\t\t<div class=\"elementor-container elementor-column-gap-default\">\r\n\t\t\t\t\r\n\t\t\t\t\t\t\t\t<div class=\"elementor-column elementor-col-50 elementor-top-column elementor-element elementor-element-3eba365\" data-id=\"3eba365\" data-element_type=\"column\">\r\n\r\n\t\t\t\t\r\n\t\t\t\t<div class=\"elementor-widget-wrap elementor-element-populated\">\r\n\t\t\t\t\t\t\t\t\t\t\r\n\t\t\t\t\t\t<div class=\"elementor-element elementor-element-4b9efdf mb-2 mt-lg-6 elementor-widget elementor-widget-heading\" data-id=\"4b9efdf\" data-element_type=\"widget\" data-widget_type=\"heading.default\">\n\t\t\t\t<div class=\"elementor-widget-container\">\n\t\t\t<h2 class=\"elementor-heading-title elementor-size-default\">Options de traitement du cancer de la t\u00eate et du cou <\/h2>\t\t<\/div>\n\t\t\t\t<\/div>\n\t\t\t\t\t\t<\/div>\r\n\t\t\t\t<\/div>\r\n\t\t\t\t\t\t\t\t\t<div class=\"elementor-column elementor-col-50 elementor-top-column elementor-element elementor-element-caa4fd7\" data-id=\"caa4fd7\" data-element_type=\"column\">\r\n\r\n\t\t\t\t\r\n\t\t\t\t<div class=\"elementor-widget-wrap elementor-element-populated\">\r\n\t\t\t\t\t\t\t\t\t\t\r\n\t\t\t\t\t\t<div class=\"elementor-element elementor-element-f46442e elementor-widget elementor-widget-text-editor\" data-id=\"f46442e\" data-element_type=\"widget\" data-widget_type=\"text-editor.default\">\n\t\t\t\t<div class=\"elementor-widget-container\">\n\t\t\t\t\t\t\t<p><span style=\"font-weight: 400;\">L'approche th\u00e9rapeutique du cancer de la t\u00eate et du cou d\u00e9pend de divers facteurs, notamment l'emplacement, la taille, le stade et l'\u00e9tat de sant\u00e9 g\u00e9n\u00e9ral du patient. Les modalit\u00e9s de traitement peuvent inclure :<\/span><\/p><p class=\" translation-block\">Chirurgie : L'ablation chirurgicale de la tumeur et des tissus environnants peut \u00eatre r\u00e9alis\u00e9e pour \u00e9radiquer les cellules canc\u00e9reuses.<\/p><p class=\" translation-block\">Radioth\u00e9rapie : des faisceaux de rayonnement \u00e0 haute \u00e9nergie sont utilis\u00e9s pour cibler et d\u00e9truire les cellules canc\u00e9reuses.<\/p><p class=\" translation-block\">Chimioth\u00e9rapie : les m\u00e9dicaments anticanc\u00e9reux sont administr\u00e9s par voie orale ou intraveineuse pour tuer les cellules canc\u00e9reuses ou inhiber leur croissance.<\/p><p class=\" translation-block\">Th\u00e9rapie cibl\u00e9e : Cette approche consiste \u00e0 utiliser des m\u00e9dicaments qui ciblent sp\u00e9cifiquement certaines mol\u00e9cules impliqu\u00e9es dans la croissance et la survie des cellules canc\u00e9reuses.<\/p><p class=\" translation-block\">Immunoth\u00e9rapie : les m\u00e9dicaments d'immunoth\u00e9rapie stimulent le syst\u00e8me immunitaire pour qu'il reconnaisse et attaque les cellules canc\u00e9reuses.<\/p><p><span style=\"font-weight: 400;\">Dans de nombreux cas, une combinaison de ces modalit\u00e9s de traitement peut \u00eatre utilis\u00e9e pour obtenir les meilleurs r\u00e9sultats possibles.<\/span><\/p>\t\t\t\t\t\t<\/div>\n\t\t\t\t<\/div>\n\t\t\t\t\t\t<\/div>\r\n\t\t\t\t<\/div>\r\n\t\t\t\t\t\t\t\t<\/div>\r\n\t\t\t<\/div>\r\n\t\t\t\t\t<section class=\"elementor-section elementor-top-section elementor-element elementor-element-610189e elementor-section-full_width elementor-section-height-default elementor-section-height-default\" data-id=\"610189e\" data-element_type=\"section\" data-settings=\"{&quot;background_background&quot;:&quot;classic&quot;}\">\r\n\t\t\t\t\t\t\t\t<div class=\"elementor-container elementor-column-gap-default\">\r\n\t\t\t\t\r\n\t\t\t\t\t\t\t\t<div class=\"elementor-column elementor-col-50 elementor-top-column elementor-element elementor-element-9b2dfe7\" data-id=\"9b2dfe7\" data-element_type=\"column\">\r\n\r\n\t\t\t\t\r\n\t\t\t\t<div class=\"elementor-widget-wrap elementor-element-populated\">\r\n\t\t\t\t\t\t\t\t\t\t\r\n\t\t\t\t\t\t<div class=\"elementor-element elementor-element-957bf6d mb-2 mt-lg-6 elementor-widget elementor-widget-heading\" data-id=\"957bf6d\" data-element_type=\"widget\" data-widget_type=\"heading.default\">\n\t\t\t\t<div class=\"elementor-widget-container\">\n\t\t\t<h2 class=\"elementor-heading-title elementor-size-default\">Corporate<\/h2>\t\t<\/div>\n\t\t\t\t<\/div>\n\t\t\t\t<div class=\"elementor-element elementor-element-ebc6c5c adecoration elementor-widget elementor-widget-text-editor\" data-id=\"ebc6c5c\" data-element_type=\"widget\" data-widget_type=\"text-editor.default\">\n\t\t\t\t<div class=\"elementor-widget-container\">\n\t\t\t\t\t\t\t<a href=\"https:\/\/www.healily.com\/fr\/#why-healily\">Pourquoi choisir Healily<\/a><\/br>\n<a href=\"#get-premium-healthcare\">Contact<\/a><\/br>\n<a href=\"https:\/\/www.healily.com\/fr\/privacy-policy\/\">Politique de Confidentialit\u00e9<\/a><\/br>\n<a href=\"https:\/\/www.healily.com\/fr\/cookie-policy\/\">Politique de Cookies<\/a>\t\t\t\t\t\t<\/div>\n\t\t\t\t<\/div>\n\t\t\t\t\t\t<\/div>\r\n\t\t\t\t<\/div>\r\n\t\t\t\t\t\t\t\t\t<div class=\"elementor-column elementor-col-50 elementor-top-column elementor-element elementor-element-2e4c7ea\" data-id=\"2e4c7ea\" data-element_type=\"column\">\r\n\r\n\t\t\t\t\r\n\t\t\t\t<div class=\"elementor-widget-wrap elementor-element-populated\">\r\n\t\t\t\t\t\t\t\t\t\t\r\n\t\t\t\t\t\t<div class=\"elementor-element elementor-element-26bf87c elementor-hidden-mobile elementor-widget elementor-widget-image\" data-id=\"26bf87c\" data-element_type=\"widget\" data-widget_type=\"image.default\">\n\t\t\t\t<div class=\"elementor-widget-container\">\n\t\t\t<style>\/*! elementor - v3.23.0 - 05-08-2024 *\/\n.elementor-widget-image{text-align:center}.elementor-widget-image a{display:inline-block}.elementor-widget-image a img[src$=\".svg\"]{width:48px}.elementor-widget-image img{vertical-align:middle;display:inline-block}<\/style>\t\t\t\t\t\t\t\t\t\t<img fetchpriority=\"high\" decoding=\"async\" width=\"1024\" height=\"288\" src=\"https:\/\/www.healily.com\/wp-content\/uploads\/2021\/10\/healily-white-logo.png\" class=\"attachment-full size-full wp-image-4723\" alt=\"\" srcset=\"https:\/\/www.healily.com\/wp-content\/uploads\/2021\/10\/healily-white-logo.png 1024w, https:\/\/www.healily.com\/wp-content\/uploads\/2021\/10\/healily-white-logo-768x216.png 768w\" sizes=\"(max-width: 1024px) 100vw, 1024px\" \/>\t\t\t\t\t\t\t\t\t\t\t\t\t<\/div>\n\t\t\t\t<\/div>\n\t\t\t\t<div class=\"elementor-element elementor-element-8257f31 elementor-position-left elementor-tablet_extra-position-top elementor-tablet-position-top elementor-vertical-align-middle adecoration23 elementor-view-default elementor-mobile-position-top elementor-widget elementor-widget-icon-box\" data-id=\"8257f31\" data-element_type=\"widget\" data-widget_type=\"icon-box.default\">\n\t\t\t\t<div class=\"elementor-widget-container\">\n\t\t\t<link rel=\"stylesheet\" href=\"https:\/\/www.healily.com\/wp-content\/uploads\/elementor\/css\/custom-widget-icon-box.min.css?ver=0\">\t\t<div class=\"elementor-icon-box-wrapper\">\n\n\t\t\t\t\t\t<div class=\"elementor-icon-box-icon\">\n\t\t\t\t<a href=\"https:\/\/www.google.com\/maps?s=web&amp;opi=89978449&amp;lqi=ChVzZWJhIG9mZmljZSBib3VsZXZhcmRItYyrm8KrgIAIWi0QABABEAIYABgBGAIiFXNlYmEgb2ZmaWNlIGJvdWxldmFyZCoICAIQABABEAKSAQ9idXNpbmVzc19jZW50ZXKqAT4QATIfEAEiG1M_EgoiS9ShnNxgjNc0EeXf7rFhhxUDiCwbZDIZEAIiFXNlYmEgb2ZmaWNlIGJvdWxldmFyZA&amp;vet=12ahUKEwin8cycmIKBAxXMSPEDHWiVAtIQ1YkKegQIEhAB..i&amp;cs=1&amp;um=1&amp;ie=UTF-8&amp;fb=1&amp;gl=tr&amp;sa=X&amp;geocode=Kd3HtM3itcoUMeMV4Cpcx-8H&amp;daddr=Ayazaa,+Mimar+Sinan+Sk.,+34396+Saryer\/stanbul\" class=\"elementor-icon elementor-animation-\" tabindex=\"-1\">\n\t\t\t\t<i aria-hidden=\"true\" class=\"u-icon-map-marker4\"><\/i>\t\t\t\t<\/a>\n\t\t\t<\/div>\n\t\t\t\n\t\t\t\t\t\t<div class=\"elementor-icon-box-content\">\n\n\t\t\t\t\n\t\t\t\t\t\t\t\t\t<p class=\"elementor-icon-box-description\">\n\t\t\t\t\t\t<a href=\"https:\/\/www.google.com\/maps?s=web&amp;opi=89978449&amp;lqi=ChVzZWJhIG9mZmljZSBib3VsZXZhcmRItYyrm8KrgIAIWi0QABABEAIYABgBGAIiFXNlYmEgb2ZmaWNlIGJvdWxldmFyZCoICAIQABABEAKSAQ9idXNpbmVzc19jZW50ZXKqAT4QATIfEAEiG1M_EgoiS9ShnNxgjNc0EeXf7rFhhxUDiCwbZDIZEAIiFXNlYmEgb2ZmaWNlIGJvdWxldmFyZA&amp;vet=12ahUKEwin8cycmIKBAxXMSPEDHWiVAtIQ1YkKegQIEhAB..i&amp;cs=1&amp;um=1&amp;ie=UTF-8&amp;fb=1&amp;gl=tr&amp;sa=X&amp;geocode=Kd3HtM3itcoUMeMV4Cpcx-8H&amp;daddr=Ayazaa,+Mimar+Sinan+Sk.,+34396+Saryer\/stanbul\"   target=\"_blank\" style=\"color:white!important;\">Ayaza\u011fa Mahallesi, Mimar Sinan Sk.<\/br>\nSeba Office No:21 B Blok No:28<\/br>\nSar\u0131yer\/\u0130stanbul<\/a>\t\t\t\t\t<\/p>\n\t\t\t\t\n\t\t\t<\/div>\n\t\t\t\n\t\t<\/div>\n\t\t\t\t<\/div>\n\t\t\t\t<\/div>\n\t\t\t\t<div class=\"elementor-element elementor-element-daac48b elementor-position-left elementor-tablet_extra-position-top elementor-tablet-position-top elementor-vertical-align-middle adecoration23 elementor-view-default elementor-mobile-position-top elementor-widget elementor-widget-icon-box\" data-id=\"daac48b\" data-element_type=\"widget\" data-widget_type=\"icon-box.default\">\n\t\t\t\t<div class=\"elementor-widget-container\">\n\t\t\t\t\t<div class=\"elementor-icon-box-wrapper\">\n\n\t\t\t\t\t\t<div class=\"elementor-icon-box-icon\">\n\t\t\t\t<a href=\"tel:00908502413311\" class=\"elementor-icon elementor-animation-\" tabindex=\"-1\">\n\t\t\t\t<i aria-hidden=\"true\" class=\"u-icon-phone4\"><\/i>\t\t\t\t<\/a>\n\t\t\t<\/div>\n\t\t\t\n\t\t\t\t\t\t<div class=\"elementor-icon-box-content\">\n\n\t\t\t\t\n\t\t\t\t\t\t\t\t\t<p class=\"elementor-icon-box-description\">\n\t\t\t\t\t\t<b>Vous pouvez nous contacter 24h\/24 et 7j\/7.<\/b>\n<\/br>\n<a href=\"tel:00908502413311\" style=\"color:white!important;\">0850 241 3311<\/a>\t\t\t\t\t<\/p>\n\t\t\t\t\n\t\t\t<\/div>\n\t\t\t\n\t\t<\/div>\n\t\t\t\t<\/div>\n\t\t\t\t<\/div>\n\t\t\t\t<div class=\"elementor-element elementor-element-bf4cdb8 mb-2 mt-lg-6 elementor-widget elementor-widget-heading\" data-id=\"bf4cdb8\" data-element_type=\"widget\" data-widget_type=\"heading.default\">\n\t\t\t\t<div class=\"elementor-widget-container\">\n\t\t\t<h2 class=\"elementor-heading-title elementor-size-default\">Suivre Healily<\/h2>\t\t<\/div>\n\t\t\t\t<\/div>\n\t\t\t\t<div class=\"elementor-element elementor-element-e5d5cc0 elementor-widget elementor-widget-udesign_widget_share\" data-id=\"e5d5cc0\" data-element_type=\"widget\" data-widget_type=\"udesign_widget_share.default\">\n\t\t\t\t<div class=\"elementor-widget-container\">\n\t\t\t\r\n<div class=\"social-icons\">\r\n\t<a href=\"https:\/\/www.facebook.com\/healily\" class=\"social-icon framed use-hover  social-facebook\" target=\"_blank\" title=\"facebook\" rel=\"noopener noreferrer\"><i class=\"fab fa-facebook-f\"><\/i><\/a><a href=\"https:\/\/www.instagram.com\/healilyhealth\/\" class=\"social-icon framed use-hover  social-instagram\" target=\"_blank\" title=\"instagram\" rel=\"noopener noreferrer\"><i class=\"fab fa-instagram\"><\/i><\/a><\/div>\r\n\r\n\t\t<\/div>\n\t\t\t\t<\/div>\n\t\t\t\t<div class=\"elementor-element elementor-element-002c38b elementor-hidden-widescreen elementor-hidden-desktop elementor-hidden-laptop elementor-hidden-tablet_extra elementor-hidden-tablet elementor-widget elementor-widget-image\" data-id=\"002c38b\" data-element_type=\"widget\" data-widget_type=\"image.default\">\n\t\t\t\t<div class=\"elementor-widget-container\">\n\t\t\t\t\t\t\t\t\t\t\t\t\t<img fetchpriority=\"high\" decoding=\"async\" width=\"1024\" height=\"288\" src=\"https:\/\/www.healily.com\/wp-content\/uploads\/2021\/10\/healily-white-logo.png\" class=\"attachment-full size-full wp-image-4723\" alt=\"\" srcset=\"https:\/\/www.healily.com\/wp-content\/uploads\/2021\/10\/healily-white-logo.png 1024w, https:\/\/www.healily.com\/wp-content\/uploads\/2021\/10\/healily-white-logo-768x216.png 768w\" sizes=\"(max-width: 1024px) 100vw, 1024px\" \/>\t\t\t\t\t\t\t\t\t\t\t\t\t<\/div>\n\t\t\t\t<\/div>\n\t\t\t\t\t\t<\/div>\r\n\t\t\t\t<\/div>\r\n\t\t\t\t\t\t\t\t<\/div>\r\n\t\t\t<\/section>\r\n\t\t\t\t\t<\/div>","protected":false},"excerpt":{"rendered":"<p>Head and Neck Cancer in Turkey Discover Head and Neck Cancer in Turkey Head and neck cancer refers to a group of cancers that originate in the tissues and organs located in the head and neck region. These cancers can arise in several areas, including the oral cavity (mouth), pharynx (throat), larynx (voice box), nasal [&hellip;]<\/p>","protected":false},"author":1,"featured_media":6431,"parent":0,"menu_order":0,"comment_status":"closed","ping_status":"closed","template":"","meta":{"inline_featured_image":false},"acf":[],"yoast_head":"<!-- This site is optimized with the Yoast SEO plugin v21.0 - https:\/\/yoast.com\/wordpress\/plugins\/seo\/ -->\n<title>Head and Neck Cancer Turkey: Symptoms, Diagnosis, Treatments<\/title>\n<meta name=\"description\" content=\"Learn about the signs, diagnosis, and treatment options for head and neck cancer. Early detection and comprehensive treatment are crucial for better outcomes.\" \/>\n<meta name=\"robots\" content=\"index, follow, max-snippet:-1, max-image-preview:large, max-video-preview:-1\" \/>\n<link rel=\"canonical\" href=\"https:\/\/www.healily.com\/fr\/cancer-de-la-tete-et-du-cou-en-turquie\/\" \/>\n<meta property=\"og:locale\" content=\"fr_FR\" \/>\n<meta property=\"og:type\" content=\"article\" \/>\n<meta property=\"og:title\" content=\"Head and Neck Cancer - Healily\" \/>\n<meta property=\"og:description\" content=\"With Healily by your side, you can rest assured that you\u2019re in capable hands. As your reliable partner in international medical tourism, we specialize in consulting and arranging treatment with world-class medical professionals.\" \/>\n<meta property=\"og:url\" content=\"https:\/\/www.healily.com\/fr\/cancer-de-la-tete-et-du-cou-en-turquie\/\" \/>\n<meta property=\"og:site_name\" content=\"Healily\" \/>\n<meta property=\"article:publisher\" content=\"https:\/\/facebook.com\/healily\/\" \/>\n<meta property=\"article:modified_time\" content=\"2024-08-14T19:44:15+00:00\" \/>\n<meta property=\"og:image\" content=\"https:\/\/www.healily.com\/wp-content\/uploads\/2023\/08\/healily-featured.jpg\" \/>\n\t<meta property=\"og:image:width\" content=\"1920\" \/>\n\t<meta property=\"og:image:height\" content=\"1080\" \/>\n\t<meta property=\"og:image:type\" content=\"image\/jpeg\" \/>\n<meta name=\"twitter:card\" content=\"summary_large_image\" \/>\n<meta name=\"twitter:title\" content=\"Head and Neck Cancer - Healily\" \/>\n<meta name=\"twitter:description\" content=\"With Healily by your side, you can rest assured that you\u2019re in capable hands. As your reliable partner in international medical tourism, we specialize in consulting and arranging treatment with world-class medical professionals.\" \/>\n<meta name=\"twitter:image\" content=\"https:\/\/www.healily.com\/wp-content\/uploads\/2023\/08\/healily-featured.jpg\" \/>\n<meta name=\"twitter:label1\" content=\"Dur\u00e9e de lecture estim\u00e9e\" \/>\n\t<meta name=\"twitter:data1\" content=\"3 minutes\" \/>\n<script type=\"application\/ld+json\" class=\"yoast-schema-graph\">{\"@context\":\"https:\/\/schema.org\",\"@graph\":[{\"@type\":\"WebPage\",\"@id\":\"https:\/\/www.healily.com\/head-and-neck-cancer-turkey\/\",\"url\":\"https:\/\/www.healily.com\/head-and-neck-cancer-turkey\/\",\"name\":\"Head and Neck Cancer Turkey: Symptoms, Diagnosis, Treatments\",\"isPartOf\":{\"@id\":\"https:\/\/www.healily.com\/#website\"},\"datePublished\":\"2024-05-12T23:13:01+00:00\",\"dateModified\":\"2024-08-14T19:44:15+00:00\",\"description\":\"Learn about the signs, diagnosis, and treatment options for head and neck cancer. Early detection and comprehensive treatment are crucial for better outcomes.\",\"breadcrumb\":{\"@id\":\"https:\/\/www.healily.com\/head-and-neck-cancer-turkey\/#breadcrumb\"},\"inLanguage\":\"fr-FR\",\"potentialAction\":[{\"@type\":\"ReadAction\",\"target\":[\"https:\/\/www.healily.com\/head-and-neck-cancer-turkey\/\"]}]},{\"@type\":\"BreadcrumbList\",\"@id\":\"https:\/\/www.healily.com\/head-and-neck-cancer-turkey\/#breadcrumb\",\"itemListElement\":[{\"@type\":\"ListItem\",\"position\":1,\"name\":\"Home\",\"item\":\"https:\/\/www.healily.com\/\"},{\"@type\":\"ListItem\",\"position\":2,\"name\":\"Head and Neck Cancer\"}]},{\"@type\":\"WebSite\",\"@id\":\"https:\/\/www.healily.com\/#website\",\"url\":\"https:\/\/www.healily.com\/\",\"name\":\"Healily\",\"description\":\"Route to Better\",\"publisher\":{\"@id\":\"https:\/\/www.healily.com\/#organization\"},\"potentialAction\":[{\"@type\":\"SearchAction\",\"target\":{\"@type\":\"EntryPoint\",\"urlTemplate\":\"https:\/\/www.healily.com\/?s={search_term_string}\"},\"query-input\":\"required name=search_term_string\"}],\"inLanguage\":\"fr-FR\"},{\"@type\":\"Organization\",\"@id\":\"https:\/\/www.healily.com\/#organization\",\"name\":\"Healily Medical Tourism Travel Agency\",\"url\":\"https:\/\/www.healily.com\/\",\"logo\":{\"@type\":\"ImageObject\",\"inLanguage\":\"fr-FR\",\"@id\":\"https:\/\/www.healily.com\/#\/schema\/logo\/image\/\",\"url\":\"https:\/\/www.healily.com\/wp-content\/uploads\/2023\/08\/healily-new-logo.svg\",\"contentUrl\":\"https:\/\/www.healily.com\/wp-content\/uploads\/2023\/08\/healily-new-logo.svg\",\"width\":241,\"height\":69,\"caption\":\"Healily Medical Tourism Travel Agency\"},\"image\":{\"@id\":\"https:\/\/www.healily.com\/#\/schema\/logo\/image\/\"},\"sameAs\":[\"https:\/\/facebook.com\/healily\/\",\"https:\/\/instagram.com\/healilyhealth\/\"]}]}<\/script>\n<!-- \/ Yoast SEO plugin. -->","yoast_head_json":{"title":"Head and Neck Cancer Turkey: Symptoms, Diagnosis, Treatments","description":"Learn about the signs, diagnosis, and treatment options for head and neck cancer. Early detection and comprehensive treatment are crucial for better outcomes.","robots":{"index":"index","follow":"follow","max-snippet":"max-snippet:-1","max-image-preview":"max-image-preview:large","max-video-preview":"max-video-preview:-1"},"canonical":"https:\/\/www.healily.com\/fr\/cancer-de-la-tete-et-du-cou-en-turquie\/","og_locale":"fr_FR","og_type":"article","og_title":"Head and Neck Cancer - Healily","og_description":"With Healily by your side, you can rest assured that you\u2019re in capable hands. As your reliable partner in international medical tourism, we specialize in consulting and arranging treatment with world-class medical professionals.","og_url":"https:\/\/www.healily.com\/fr\/cancer-de-la-tete-et-du-cou-en-turquie\/","og_site_name":"Healily","article_publisher":"https:\/\/facebook.com\/healily\/","article_modified_time":"2024-08-14T19:44:15+00:00","og_image":[{"width":1920,"height":1080,"url":"https:\/\/www.healily.com\/wp-content\/uploads\/2023\/08\/healily-featured.jpg","type":"image\/jpeg"}],"twitter_card":"summary_large_image","twitter_title":"Head and Neck Cancer - Healily","twitter_description":"With Healily by your side, you can rest assured that you\u2019re in capable hands. As your reliable partner in international medical tourism, we specialize in consulting and arranging treatment with world-class medical professionals.","twitter_image":"https:\/\/www.healily.com\/wp-content\/uploads\/2023\/08\/healily-featured.jpg","twitter_misc":{"Dur\u00e9e de lecture estim\u00e9e":"3 minutes"},"schema":{"@context":"https:\/\/schema.org","@graph":[{"@type":"WebPage","@id":"https:\/\/www.healily.com\/head-and-neck-cancer-turkey\/","url":"https:\/\/www.healily.com\/head-and-neck-cancer-turkey\/","name":"Head and Neck Cancer Turkey: Symptoms, Diagnosis, Treatments","isPartOf":{"@id":"https:\/\/www.healily.com\/#website"},"datePublished":"2024-05-12T23:13:01+00:00","dateModified":"2024-08-14T19:44:15+00:00","description":"Learn about the signs, diagnosis, and treatment options for head and neck cancer. Early detection and comprehensive treatment are crucial for better outcomes.","breadcrumb":{"@id":"https:\/\/www.healily.com\/head-and-neck-cancer-turkey\/#breadcrumb"},"inLanguage":"fr-FR","potentialAction":[{"@type":"ReadAction","target":["https:\/\/www.healily.com\/head-and-neck-cancer-turkey\/"]}]},{"@type":"BreadcrumbList","@id":"https:\/\/www.healily.com\/head-and-neck-cancer-turkey\/#breadcrumb","itemListElement":[{"@type":"ListItem","position":1,"name":"Home","item":"https:\/\/www.healily.com\/"},{"@type":"ListItem","position":2,"name":"Head and Neck Cancer"}]},{"@type":"WebSite","@id":"https:\/\/www.healily.com\/#website","url":"https:\/\/www.healily.com\/","name":"Healily","description":"Route to Better","publisher":{"@id":"https:\/\/www.healily.com\/#organization"},"potentialAction":[{"@type":"SearchAction","target":{"@type":"EntryPoint","urlTemplate":"https:\/\/www.healily.com\/?s={search_term_string}"},"query-input":"required name=search_term_string"}],"inLanguage":"fr-FR"},{"@type":"Organization","@id":"https:\/\/www.healily.com\/#organization","name":"Healily Medical Tourism Travel Agency","url":"https:\/\/www.healily.com\/","logo":{"@type":"ImageObject","inLanguage":"fr-FR","@id":"https:\/\/www.healily.com\/#\/schema\/logo\/image\/","url":"https:\/\/www.healily.com\/wp-content\/uploads\/2023\/08\/healily-new-logo.svg","contentUrl":"https:\/\/www.healily.com\/wp-content\/uploads\/2023\/08\/healily-new-logo.svg","width":241,"height":69,"caption":"Healily Medical Tourism Travel Agency"},"image":{"@id":"https:\/\/www.healily.com\/#\/schema\/logo\/image\/"},"sameAs":["https:\/\/facebook.com\/healily\/","https:\/\/instagram.com\/healilyhealth\/"]}]}},"_links":{"self":[{"href":"https:\/\/www.healily.com\/fr\/wp-json\/wp\/v2\/pages\/7713"}],"collection":[{"href":"https:\/\/www.healily.com\/fr\/wp-json\/wp\/v2\/pages"}],"about":[{"href":"https:\/\/www.healily.com\/fr\/wp-json\/wp\/v2\/types\/page"}],"author":[{"embeddable":true,"href":"https:\/\/www.healily.com\/fr\/wp-json\/wp\/v2\/users\/1"}],"replies":[{"embeddable":true,"href":"https:\/\/www.healily.com\/fr\/wp-json\/wp\/v2\/comments?post=7713"}],"version-history":[{"count":14,"href":"https:\/\/www.healily.com\/fr\/wp-json\/wp\/v2\/pages\/7713\/revisions"}],"predecessor-version":[{"id":8546,"href":"https:\/\/www.healily.com\/fr\/wp-json\/wp\/v2\/pages\/7713\/revisions\/8546"}],"wp:featuredmedia":[{"embeddable":true,"href":"https:\/\/www.healily.com\/fr\/wp-json\/wp\/v2\/media\/6431"}],"wp:attachment":[{"href":"https:\/\/www.healily.com\/fr\/wp-json\/wp\/v2\/media?parent=7713"}],"curies":[{"name":"wp","href":"https:\/\/api.w.org\/{rel}","templated":true}]}}